{"id":92,"date":"2014-12-10T09:20:16","date_gmt":"2014-12-10T09:20:16","guid":{"rendered":"http:\/\/zweckverband-schluettsiel.de\/?page_id=92"},"modified":"2026-04-08T09:19:12","modified_gmt":"2026-04-08T09:19:12","slug":"bekanntmachungen_","status":"publish","type":"page","link":"http:\/\/zweckverband-schluettsiel.de\/?page_id=92","title":{"rendered":"Bekanntmachungen"},"content":{"rendered":"\n\n<p><strong>Bekanntmachungen:<\/strong><\/p>\n<table style=\"border-collapse: collapse; width: 100%; height: 73px;\">\n<tbody>\n<tr style=\"height: 36px;\">\n<td style=\"width: 100%; height: 36px;\"><a href=\"http:\/\/zweckverband-schluettsiel.de\/wp-content\/uploads\/2023\/06\/Bekanntmnachung-Unternehmensgtruendung-24.-Mai-2023.pdf\" target=\"_blank\" rel=\"noopener\">24.05.2023 Bekanntmachung zur Unternehmensgr\u00fcndung &#8211; Hafenbetrieb Schl\u00fcttsiel\/Halligen<\/a><\/td>\n<\/tr>\n<tr style=\"height: 37px;\">\n<td style=\"width: 100%; height: 37px;\"><a href=\"http:\/\/zweckverband-schluettsiel.de\/wp-content\/uploads\/2023\/06\/Organisationssatzung-vom-24.-Mai-2023-Bekanntmachung.pdf\" target=\"_blank\" rel=\"noopener\">24.05.2023 Organisationssatzung f. d. Kommunalunternehmen Hafenbetrieb Schl\u00fcttsiel\/Halligen<\/a><\/td>\n<\/tr>\n<\/tbody>\n<\/table>\n<p>Einladungen:<\/p>\n<p><a href=\"http:\/\/zweckverband-schluettsiel.de\/wp-content\/uploads\/2026\/04\/2026-04-08-Einladung-ZV-Versammlung-am23.04.2026.pdf\" target=\"_blank\" rel=\"noopener\">Einladung zur Zweckverbandsversammlung Schl\u00fcttsiel am 2<\/a><a href=\"http:\/\/zweckverband-schluettsiel.de\/wp-content\/uploads\/2026\/04\/2026-04-08-Einladung-ZV-Versammlung-am23.04.2026.pdf\" target=\"_blank\" rel=\"noopener\">3.04.2026<\/a><\/p>\n<p><a href=\"http:\/\/zweckverband-schluettsiel.de\/wp-content\/uploads\/2025\/10\/2025-10-15-Einladung-zur-Zweckverbandsversammlung-Schluettsiel-am-06.11.2025.pdf\" target=\"_blank\" rel=\"noopener\">Einladung-zur-Zweckverbandsversammlung-Schl\u00fcttsiel am 06.11.2025<\/a><\/p>\n<p><a href=\"http:\/\/zweckverband-schluettsiel.de\/wp-content\/uploads\/2024\/11\/2024_10-Zweckverbandsversammlung-Schluettsiel.pdf\" target=\"_blank\" rel=\"noopener\">Sitzung Verbandsversammlung am 07.11.2024<\/a><\/p>\n<p>Wirtschaftspl\u00e4ne:<\/p>\n<table style=\"border-collapse: collapse; width: 100%; height: 10px;\">\n<tbody>\n<tr style=\"height: 10px;\">\n<td style=\"width: 100%; height: 10px;\">\n<p><a href=\"http:\/\/zweckverband-schluettsiel.de\/wp-content\/uploads\/2025\/11\/2025-11-12-Bekanntmachung-WP-2026.pdf\" target=\"_blank\" rel=\"noopener\">Wirtschaftsplan 2026<\/a><\/p>\n<p><a href=\"http:\/\/zweckverband-schluettsiel.de\/wp-content\/uploads\/2024\/11\/2024-11-20-ZVS-Bekanntmachung-Wirtschaftsplan-2025.pdf\" target=\"_blank\" rel=\"noopener\">Wirtschaftsplan 2025<\/a><\/p>\n<p><a href=\"http:\/\/zweckverband-schluettsiel.de\/wp-content\/uploads\/2024\/03\/2024-03-07-Bekanntmachung-Wirtschaftsplan-2024.pdf\" target=\"_blank\" rel=\"noopener\">Wirtschaftsplan 2024<\/a>\u00a0<\/p>\n<p><a href=\"http:\/\/zweckverband-schluettsiel.de\/wp-content\/uploads\/2023\/03\/Bekanntmachung-Wirtschaftsplan-ZV-Schluettsiel-2023.pdf\" target=\"_blank\" rel=\"noopener\">Wirtschaftsplan 2023<\/a><\/p>\n<\/td>\n<\/tr>\n<\/tbody>\n<\/table>\n<table style=\"width: 100%; border-collapse: collapse;\">\n<tbody>\n<tr>\n<td style=\"width: 100%;\"><a href=\"http:\/\/zweckverband-schluettsiel.de\/wp-content\/uploads\/2021\/11\/ZV-Schluettsiel-Bekanntmachung-WP-2022-homepage.pdf\" target=\"_blank\" rel=\"noopener noreferrer\">Wirtschaftsplan 2022<\/a><\/td>\n<\/tr>\n<\/tbody>\n<\/table>\n<table style=\"width: 100%; border-collapse: collapse;\" border=\"1\">\n<tbody>\n<tr>\n<td style=\"width: 100%;\"><a href=\"http:\/\/zweckverband-schluettsiel.de\/wp-content\/uploads\/2020\/12\/Bekanntmachung-Wirtschaftsplan-2021.pdf\" target=\"_blank\" rel=\"noopener noreferrer\">Wirtschaftsplan 2021<\/a><\/td>\n<\/tr>\n<tr>\n<td style=\"width: 100%;\"><a href=\"http:\/\/zweckverband-schluettsiel.de\/wp-content\/uploads\/2019\/10\/Bekanntmachung-Wirtschaftsplan-2020-ZV-Schluettsiel.pdf\" target=\"_blank\" rel=\"noopener noreferrer\">Wirtschaftsplan 2020<\/a><\/td>\n<\/tr>\n<tr>\n<td style=\"width: 100%;\"><a href=\"http:\/\/zweckverband-schluettsiel.de\/wp-content\/uploads\/2019\/02\/Bekanntmachung-Wirtschaftsplan-2019.pdf\">Wirtschaftsplan 2019<\/a><\/td>\n<\/tr>\n<tr>\n<td style=\"width: 100%;\"><a href=\"http:\/\/zweckverband-schluettsiel.de\/wp-content\/uploads\/2018\/02\/90.72.01.01.180001-Bekanntmachung-Bekanntmachung-Wirtschaftsplan-2018-ZV-Schl\u00fcttsiel.pdf\">Wirtschaftsplan 2018<\/a><\/td>\n<\/tr>\n<tr>\n<td style=\"width: 100%;\"><a href=\"http:\/\/zweckverband-schluettsiel.de\/wp-content\/uploads\/2017\/05\/Bekanntmachung_Wirstschaftsplan_2017.pdf\">Wirstschaftsplan 2017<\/a><\/td>\n<\/tr>\n<tr>\n<td style=\"width: 100%;\"><a href=\"http:\/\/zweckverband-schluettsiel.de\/wp-content\/uploads\/2017\/05\/Bekanntmachung_Wirstschaftsplan_2017.pdf\" target=\"_blank\" rel=\"noopener noreferrer\">Wirtschaftsplan 2016<\/a><\/td>\n<\/tr>\n<tr>\n<td style=\"width: 100%;\"><a href=\"http:\/\/zweckverband-schluettsiel.de\/wp-content\/uploads\/2015\/01\/Bekanntmachung-Wirtschaftsplan-2015.pdf\" target=\"_blank\" rel=\"noopener noreferrer\">Wirtschaftsplan 2015<\/a><\/td>\n<\/tr>\n<tr>\n<td style=\"width: 100%;\"><a href=\"http:\/\/zweckverband-schluettsiel.de\/wp-content\/uploads\/2015\/01\/Bekanntmachung-Wirtschaftsplan-2015.pdf\" target=\"_blank\" rel=\"noopener noreferrer\">Nachtrag Wirtschaftsplan 2014<\/a><\/td>\n<\/tr>\n<\/tbody>\n<\/table>\n<p>Jahresabschl\u00fcsse:<\/p>\n<table style=\"border-collapse: collapse; width: 100%;\">\n<tbody>\n<tr>\n<td style=\"width: 100%;\">\n<p><a href=\"http:\/\/zweckverband-schluettsiel.de\/wp-content\/uploads\/2025\/11\/2025-11-12-Bekanntmachung-JR-2024..pdf\" target=\"_blank\" rel=\"noopener\">Jahresrechnung 2024<\/a><\/p>\n<p><a href=\"http:\/\/zweckverband-schluettsiel.de\/wp-content\/uploads\/2024\/11\/2024-11-20-ZVS-Bekanntmachung-Jahresrechnung-2023.pdf\" target=\"_blank\" rel=\"noopener\">Jahresrechnung 2023<\/a>\u00a0<\/p>\n<p><a href=\"http:\/\/zweckverband-schluettsiel.de\/wp-content\/uploads\/2024\/03\/2024-03-07-Bekanntmachung-JR-2022-homepage.pdf\" target=\"_blank\" rel=\"noopener\">Jahresrechnung 2022<\/a><\/p>\n<p><a href=\"http:\/\/zweckverband-schluettsiel.de\/wp-content\/uploads\/2023\/03\/Bekanntmachung-JR-2021-homepage.pdf\" target=\"_blank\" rel=\"noopener\">Jahresrechnung 2021<\/a><\/p>\n<\/td>\n<\/tr>\n<\/tbody>\n<\/table>\n<table style=\"width: 99.15%; height: 185px; border-collapse: collapse;\" border=\"1\">\n<tbody>\n<tr style=\"height: 81px;\">\n<td style=\"width: 100%; height: 59px;\">\n<table style=\"width: 100%; border-collapse: collapse;\">\n<tbody>\n<tr>\n<td style=\"width: 100%;\"><a href=\"http:\/\/zweckverband-schluettsiel.de\/wp-content\/uploads\/2021\/11\/ZV-Schluettsiel-Bekanntmachung-JR-2020-homepage.pdf\" target=\"_blank\" rel=\"noopener noreferrer\">Jahresrechnung 2020<\/a><\/td>\n<\/tr>\n<\/tbody>\n<\/table>\n<p><a href=\"http:\/\/zweckverband-schluettsiel.de\/wp-content\/uploads\/2020\/12\/Bekanntmachung-Jahresrechnung-2019.pdf\" target=\"_blank\" rel=\"noopener noreferrer\">Jahresrechnung 2019<\/a><\/p>\n<\/td>\n<\/tr>\n<tr style=\"height: 21px;\">\n<td style=\"width: 100%; height: 21px;\"><a href=\"http:\/\/zweckverband-schluettsiel.de\/wp-content\/uploads\/2019\/10\/Bekanntmachung-Jahresrechnung-2018-ZV-Schluettsiel.pdf\" target=\"_blank\" rel=\"noopener noreferrer\">Jahresrechnung 2018<\/a><\/td>\n<\/tr>\n<tr style=\"height: 21px;\">\n<td style=\"width: 100%; height: 21px;\"><a href=\"http:\/\/zweckverband-schluettsiel.de\/wp-content\/uploads\/2019\/02\/Bekanntmachung-Jahresrechnung-2017.pdf\">Jahresrechnung 2017<\/a><\/td>\n<\/tr>\n<tr style=\"height: 21px;\">\n<td style=\"width: 100%; height: 21px;\"><a href=\"http:\/\/zweckverband-schluettsiel.de\/wp-content\/uploads\/2018\/02\/Bekanntmachung-Jahresabschluss-2016.pdf\">Jahresabschluss 2016<\/a><\/td>\n<\/tr>\n<tr style=\"height: 21px;\">\n<td style=\"width: 100%; height: 21px;\"><a href=\"http:\/\/zweckverband-schluettsiel.de\/wp-content\/uploads\/2016\/06\/Jahresabschluss-2015.pdf\" target=\"_blank\" rel=\"noopener noreferrer\">Jahresabschluss 2015<\/a><\/td>\n<\/tr>\n<tr style=\"height: 21px;\">\n<td style=\"width: 100%; height: 21px;\"><a href=\"http:\/\/zweckverband-schluettsiel.de\/wp-content\/uploads\/2015\/01\/Bekanntmachung-Wirtschaftsplan-2015.pdf\" target=\"_blank\" rel=\"noopener noreferrer\">Jahresabschluss 2014<\/a><\/td>\n<\/tr>\n<tr style=\"height: 21px;\">\n<td style=\"width: 100%; height: 21px;\"><a href=\"http:\/\/zweckverband-schluettsiel.de\/wp-content\/uploads\/2015\/01\/Bekanntmachung-Wirtschaftsplan-2015.pdf\" target=\"_blank\" rel=\"noopener noreferrer\">Jahresabschluss 2013<\/a><\/td>\n<\/tr>\n<\/tbody>\n<\/table>\n<p>Vertr\u00e4ge:<\/p>\n<table style=\"width: 100%; border-collapse: collapse;\" border=\"1\">\n<tbody>\n<tr>\n<td style=\"width: 100%;\"><a href=\"http:\/\/zweckverband-schluettsiel.de\/wp-content\/uploads\/2019\/02\/V.-Nachtrag-zum-oeffentlich-rechtlichen-Vertrag-AMNF-ZV-Schluettsiel.pdf\">V. Nachtrag zum \u00f6ffentlich-rechtlichen Vertrag<\/a><\/td>\n<\/tr>\n<tr>\n<td style=\"width: 100%;\"><a href=\"http:\/\/zweckverband-schluettsiel.de\/wp-content\/uploads\/2018\/02\/90.72.01.01.180001-Bekanntmachung-Bekanntmachung-Wirtschaftsplan-2018-ZV-Schl\u00fcttsiel.pdf\">IV. Nachtrag zum \u00f6ffentlich-rechtlicher Vertrag<\/a><\/td>\n<\/tr>\n<tr>\n<td style=\"width: 100%;\"><a href=\"http:\/\/zweckverband-schluettsiel.de\/wp-content\/uploads\/2017\/05\/Bekanntmachung_Wirstschaftsplan_2017.pdf\" target=\"_blank\" rel=\"noopener noreferrer\">II. Nachtrag zum \u00f6ffentlich-rechtlichen Vertrag<\/a><\/td>\n<\/tr>\n<tr>\n<td style=\"width: 100%;\"><a href=\"http:\/\/zweckverband-schluettsiel.de\/wp-content\/uploads\/2016\/11\/III.-Nachtrag-zum-oeffentlich-rechtlichen-Vertrag-.pdf\" target=\"_blank\" rel=\"noopener noreferrer\">III. Nachtrag zum \u00f6ffentlich-rechtlichen Vertrag<\/a><\/td>\n<\/tr>\n<tr>\n<td style=\"width: 100%;\"><a href=\"http:\/\/zweckverband-schluettsiel.de\/wp-content\/uploads\/2020\/12\/Vertrag-oeffentlich-rechtlicher-Vertrag-ZV-Schluettsiel_Hafenbetrieb-Uebertragung-Faekallleitung-Hafenbereich.pdf\" target=\"_blank\" rel=\"noopener noreferrer\">\u00d6ffentlich-rechtlicher Vertrag \u00dcbertragung F\u00e4kalleitung Hafenbereich<\/a><\/td>\n<\/tr>\n<\/tbody>\n<\/table>\n<p>nachrichtlich:<\/p>\n<table style=\"width: 100%; border-collapse: collapse;\" border=\"1\">\n<tbody>\n<tr>\n<td style=\"width: 100%;\"><a href=\"http:\/\/zweckverband-schluettsiel.de\/wp-content\/uploads\/2014\/12\/Verbandssatzung-Zweckverb-Schluettsiel.pdf\">Verbandssatzung Zweckverband Schl\u00fcttsiel<\/a><\/td>\n<\/tr>\n<tr>\n<td style=\"width: 100%;\"><a href=\"http:\/\/zweckverband-schluettsiel.de\/wp-content\/uploads\/2014\/12\/Verbandssatzung-ZV-Schluettsiel-I_Nachtrag.pdf\">Verbandssatzung Zweckverband Schl\u00fcttsiel 1.Nachtrag<\/a><\/td>\n<\/tr>\n<\/tbody>\n<\/table>","protected":false},"excerpt":{"rendered":"<p>Bekanntmachungen: 24.05.2023 Bekanntmachung zur Unternehmensgr\u00fcndung &#8211; Hafenbetrieb Schl\u00fcttsiel\/Halligen 24.05.2023 Organisationssatzung f. d. Kommunalunternehmen Hafenbetrieb Schl\u00fcttsiel\/Halligen Einladungen: Einladung zur Zweckverbandsversammlung Schl\u00fcttsiel am 23.04.2026 Einladung-zur-Zweckverbandsversammlung-Schl\u00fcttsiel am 06.11.2025 Sitzung Verbandsversammlung am 07.11.2024 Wirtschaftspl\u00e4ne: Wirtschaftsplan 2026 Wirtschaftsplan 2025 Wirtschaftsplan 2024\u00a0 Wirtschaftsplan 2023 Wirtschaftsplan 2022 Wirtschaftsplan 2021 Wirtschaftsplan 2020 Wirtschaftsplan 2019 Wirtschaftsplan 2018 Wirstschaftsplan 2017 Wirtschaftsplan 2016 Wirtschaftsplan 2015 Nachtrag &hellip; <a href=\"http:\/\/zweckverband-schluettsiel.de\/?page_id=92\" class=\"more-link\"><span class=\"screen-reader-text\">Bekanntmachungen<\/span> weiterlesen <span class=\"meta-nav\">&rarr;<\/span><\/a><\/p>\n","protected":false},"author":1,"featured_media":0,"parent":0,"menu_order":0,"comment_status":"closed","ping_status":"closed","template":"","meta":[],"_links":{"self":[{"href":"http:\/\/zweckverband-schluettsiel.de\/index.php?rest_route=\/wp\/v2\/pages\/92"}],"collection":[{"href":"http:\/\/zweckverband-schluettsiel.de\/index.php?rest_route=\/wp\/v2\/pages"}],"about":[{"href":"http:\/\/zweckverband-schluettsiel.de\/index.php?rest_route=\/wp\/v2\/types\/page"}],"author":[{"embeddable":true,"href":"http:\/\/zweckverband-schluettsiel.de\/index.php?rest_route=\/wp\/v2\/users\/1"}],"replies":[{"embeddable":true,"href":"http:\/\/zweckverband-schluettsiel.de\/index.php?rest_route=%2Fwp%2Fv2%2Fcomments&post=92"}],"version-history":[{"count":81,"href":"http:\/\/zweckverband-schluettsiel.de\/index.php?rest_route=\/wp\/v2\/pages\/92\/revisions"}],"predecessor-version":[{"id":392,"href":"http:\/\/zweckverband-schluettsiel.de\/index.php?rest_route=\/wp\/v2\/pages\/92\/revisions\/392"}],"wp:attachment":[{"href":"http:\/\/zweckverband-schluettsiel.de\/index.php?rest_route=%2Fwp%2Fv2%2Fmedia&parent=92"}],"curies":[{"name":"wp","href":"https:\/\/api.w.org\/{rel}","templated":true}]}}